{"id":210,"date":"2012-09-03T13:50:53","date_gmt":"2012-09-03T11:50:53","guid":{"rendered":"https:\/\/cote-sun.com\/?page_id=210"},"modified":"2019-07-17T15:51:05","modified_gmt":"2019-07-17T13:51:05","slug":"mentions-legales","status":"publish","type":"page","link":"https:\/\/cote-sun.com\/fr\/mentions-legales\/","title":{"rendered":"Mentions l\u00e9gales"},"content":{"rendered":"<div>\n<h2>\u00c9diteur<\/h2>\n<p>Neticpro<br \/>\nSiren n\u00b051872497600015<br \/>\nD\u00e9veloppeur Web \u2013 Sp\u00e9cialiste WordPress<\/p>\n<h2>Directeur de publication<\/h2>\n<p>Bruno Cuevas &#8211; C\u00f4t\u00e9 Sun<br \/>\n26 avenue Paul Doumer<br \/>\n06190 ROQUEBRUNE CAP MARTIN<\/p>\n<h2>H\u00e9bergeur<\/h2>\n<p>Neticpro<\/p>\n<p>Plateforme de gestion de contenu : WordPress.<\/p>\n<h2>Conditions d\u2019utilisation du site<\/h2>\n<p>Bruno Cuevas se r\u00e9serve le droit de respecter ces pr\u00e9sentes conditions d\u2019utilisation et de modifier \u00e0 tout moment les donn\u00e9es pr\u00e9sentes sur ce site cote-sun.com<\/p>\n<h2>Droit d\u2019acc\u00e8s et propri\u00e9t\u00e9 intellectuelle<\/h2>\n<p>Le site Internet cote-sun.com est prot\u00e9g\u00e9 par les droits de propri\u00e9t\u00e9 intellectuelle et industrielle.<\/p>\n<p>Le site cote-sun.com et ses \u00e9l\u00e9ments (noms de domaine, marques, structure g\u00e9n\u00e9rale, textes, graphiques, images, bases de donn\u00e9es, arborescence, logos, charte graphique) sont la propri\u00e9t\u00e9 de Bruno Cuevas, selon le droit en vigueur en France.<\/p>\n<p>Il est interdit d\u2019utiliser, reproduire, distribuer, afficher ou cr\u00e9er des \u0153uvres d\u00e9riv\u00e9es bas\u00e9es sur les \u0153uvres qui apparaissent sur ce site web sans autorisation, sous peine de sanction.<\/p>\n<p>Les \u0153uvres sont prot\u00e9g\u00e9es par copyright, par des droits d\u2019auteurs et par d\u2019autres droits de propri\u00e9t\u00e9 intellectuelle.<\/p>\n<p>Le contrevenant s\u2019expose \u00e0 des sanctions civiles et p\u00e9nales et notamment aux peines pr\u00e9vues aux articles L. 335.2 et L. 343.1 du code de la Propri\u00e9t\u00e9 Intellectuelle.<\/p>\n<\/div>\n","protected":false},"excerpt":{"rendered":"<p>\u00c9diteur Neticpro Siren n\u00b051872497600015 D\u00e9veloppeur Web \u2013 Sp\u00e9cialiste WordPress Directeur de publication Bruno Cuevas &#8211; C\u00f4t\u00e9 Sun 26 avenue Paul Doumer 06190 ROQUEBRUNE CAP MARTIN H\u00e9bergeur Neticpro Plateforme de gestion de contenu : WordPress. Conditions d\u2019utilisation du site Bruno Cuevas se r\u00e9serve le droit de respecter ces pr\u00e9sentes conditions d\u2019utilisation et de modifier \u00e0 tout [&hellip;]<\/p>\n","protected":false},"author":1,"featured_media":0,"parent":0,"menu_order":0,"comment_status":"closed","ping_status":"closed","template":"","meta":{"_acf_changed":false,"_seopress_robots_primary_cat":"","_seopress_titles_title":"","_seopress_titles_desc":"","_seopress_robots_index":"yes","footnotes":""},"class_list":["post-210","page","type-page","status-publish","hentry"],"acf":[],"_links":{"self":[{"href":"https:\/\/cote-sun.com\/fr\/wp-json\/wp\/v2\/pages\/210","targetHints":{"allow":["GET"]}}],"collection":[{"href":"https:\/\/cote-sun.com\/fr\/wp-json\/wp\/v2\/pages"}],"about":[{"href":"https:\/\/cote-sun.com\/fr\/wp-json\/wp\/v2\/types\/page"}],"author":[{"embeddable":true,"href":"https:\/\/cote-sun.com\/fr\/wp-json\/wp\/v2\/users\/1"}],"replies":[{"embeddable":true,"href":"https:\/\/cote-sun.com\/fr\/wp-json\/wp\/v2\/comments?post=210"}],"version-history":[{"count":1,"href":"https:\/\/cote-sun.com\/fr\/wp-json\/wp\/v2\/pages\/210\/revisions"}],"predecessor-version":[{"id":36840,"href":"https:\/\/cote-sun.com\/fr\/wp-json\/wp\/v2\/pages\/210\/revisions\/36840"}],"wp:attachment":[{"href":"https:\/\/cote-sun.com\/fr\/wp-json\/wp\/v2\/media?parent=210"}],"curies":[{"name":"wp","href":"https:\/\/api.w.org\/{rel}","templated":true}]}}